{"id":610,"date":"2018-08-20T09:57:29","date_gmt":"2018-08-20T09:57:29","guid":{"rendered":"https:\/\/imaxilodental.com\/?page_id=610"},"modified":"2022-09-12T14:31:33","modified_gmt":"2022-09-12T14:31:33","slug":"politica-de-privacitat","status":"publish","type":"page","link":"https:\/\/imaxilodental.com\/ca\/politica-de-privacitat\/","title":{"rendered":"POL\u00cdTICA DE PRIVACITAT"},"content":{"rendered":"<h1 style=\"text-align: center;\">POL\u00cdTICA DE PRIVACIDAD<\/h1>\n<hr \/>\n<p>&nbsp;<\/p>\n<h3>1. \u00bfQui\u00e9n es el responsable del Tratamiento de sus Datos Personales?<\/h3>\n<p>Denominaci\u00f3n: MAXILODENTAL VALL\u00c9S, SL<br \/>\nDirecci\u00f3n: Calle Vilana num.12 despacho 185, 08022 Barcelona<br \/>\nTel\u00e9fono de contacto: 93 127 98 04 <br \/>\nCorreo electr\u00f3nico: <a href=\"mailto:atencionpaciente@imaxilodental.com\">atencionpaciente@imaxilodental.com<\/a><\/p>\n<p>&nbsp;<\/p>\n<h3>2. \u00bfQui\u00e9n es y qu\u00e9 hace el Delegado de Protecci\u00f3n de Datos?<\/h3>\n<p>El Delegado de Protecci\u00f3n de Datos es el responsable de velar con diligencia por el cumplimiento de la normativa de protecci\u00f3n de datos; puedes poner en contacto en el siguiente correo electr\u00f3nico: <a href=\"mailto:dpd@utpr.es\">dpd@utpr.es<\/a><\/p>\n<p>&nbsp;<\/p>\n<h3>3. Principios que aplicaremos a tu informaci\u00f3n personal<\/h3>\n<p>En el tratamiento de tus datos personales, aplicaremos los siguientes principios que se ajustan a las exigencias del nuevo reglamento europeo de protecci\u00f3n de datos.<\/p>\n<ul>\n<li><span style=\"text-decoration: underline;\">Principio de licitud, lealtad y transparencia<\/span>: Siempre vamos a requerir tu consentimiento para el tratamiento de tus datos personales para uno o varios fines espec\u00edficos que te informaremos previamente con absoluta transparencia.<\/li>\n<li><span style=\"text-decoration: underline;\">Principio de minimizaci\u00f3n de datos<\/span>: Solo vamos a solicitar los datos estrictamente necesarios en relaci\u00f3n con los fines para los que los requerimos.<\/li>\n<li><span style=\"text-decoration: underline;\">Principio de limitaci\u00f3n el plazo de conservaci\u00f3n<\/span>: Los datos ser\u00e1n mantenido en nuestra base de datos durante no m\u00e1s tiempo del necesario para los fines del tratamiento, en funci\u00f3n a la finalidad, te informaremos del plazo de conservaci\u00f3n correspondiente en todo caso.<\/li>\n<li><span style=\"text-decoration: underline;\">Principio de integridad y confidencialidad<\/span>: Tus datos ser\u00e1n tratados de tal manera que se garantice una seguridad adecuada de los datos personales y se garantice confidencialidad.<\/li>\n<li>Debes saber que tomamos todas las precauciones necesarias para evitar el acceso no autorizado o uso indebido de los datos de nuestros usuarios por parte de terceros.<\/li>\n<\/ul>\n<p>&nbsp;<\/p>\n<h3>4. \u00bfComo hemos obtenido tus datos?<\/h3>\n<p>La base legal para el tratamiento de tus datos es el consentimiento libre, espec\u00edfico, informado e inequ\u00edvoco, con la finalidad de la ejecuci\u00f3n del contrato de prestaci\u00f3n de servicios dentales formalizado por la aceptaci\u00f3n de presupuesto, o en su caso, la elaboraci\u00f3n de presupuesto previo.<\/p>\n<p>Excepcionalmente, y siempre con el consentimiento previo, se podr\u00edan haber obtenido por otros medios.<\/p>\n<p>&nbsp;<\/p>\n<h3>5. Qu\u00e9 datos personales tratamos<\/h3>\n<p>Los datos personales que tratamos, para las leg\u00edtimas finalidades que te explicamos en el punto 6., y en funci\u00f3n de los servicios, pueden ser,<\/p>\n<ul>\n<li>Nombres y apellidos<\/li>\n<li>Direcci\u00f3n postal<\/li>\n<li>NIF<\/li>\n<li>Tel\u00e9fono<\/li>\n<li>Correo electr\u00f3nico<\/li>\n<li>Radiograf\u00edas dentales (periapical, aleta\/mordida, cefalometr\u00eda o telerradiograf\u00eda, tac dental, ortopantomograf\u00eda)<\/li>\n<li>Datos de salud obtenidos de conversaciones contigo<\/li>\n<li>Datos relativos al seguro m\u00e9dico.<\/li>\n<\/ul>\n<p>&nbsp;<\/p>\n<h3>6. Con qu\u00e9 objetivo tratamos tus datos personales<\/h3>\n<p>Tratamos tus datos personales con la finalidad primordial de recoger tus datos de salud con el objeto de facilitarte la mejor asistencia sanitaria, dejando constancia de todos aquellos datos que, bajo criterio m\u00e9dico, permitan el conocimiento veraz y actualizado de tu estado de salud y que tengan relevancia para el tratamiento m\u00e9dico a realizar.<\/p>\n<p>Asimismo, tambi\u00e9n tratamos tus datos personales para gestionar todos los servicios adicionales relacionados con la asistencia sanitaria (laboratorios de an\u00e1lisis, prot\u00e9sicos), la relaci\u00f3n con su entidad aseguradora o mutua, y para la gesti\u00f3n contable y fiscal, en particular, la facturaci\u00f3n de los servicios prestados.<\/p>\n<p>Asimismo, siempre y cuando previamente tengamos su consentimiento para la gesti\u00f3n y desarrollo de actividades de marketing y el env\u00edo de comunicaciones comerciales por medios electr\u00f3nicos.<\/p>\n<p>&nbsp;<\/p>\n<h3>7. Cuando y porque motivo podemos facilitar tus datos a terceras personas.<\/h3>\n<p>Tus datos personales podr\u00e1n ser cedidos a los siguientes destinatarios por los motivos que se indican,<\/p>\n<ul>\n<li><span style=\"text-decoration: underline;\">Administraciones p\u00fablicas<\/span>: para el cumplimiento de las obligaciones legales a las que estamos sujetos por nuestra actividad.<\/li>\n<li><span style=\"text-decoration: underline;\">Mutuas y Compa\u00f1\u00edas de seguros<\/span>: en el caso de que accedas a nuestros servicios a trav\u00e9s de un seguro m\u00e9dico y con la \u00fanica finalidad de poder gestionar la gesti\u00f3n y cobro de los servicios prestados.<\/li>\n<li><span style=\"text-decoration: underline;\">Laboratorios de an\u00e1lisis, prot\u00e9sicos dentales y similares<\/span>: con la \u00fanica finalidad de darte el tratamiento contratado.<\/li>\n<li><span style=\"text-decoration: underline;\">Profesionales sanitarios, colaboradores de la cl\u00ednica<\/span>: con la \u00fanica finalidad de poder llevar a cabo el tratamiento contratado. En todo caso, los datos no salen nunca de la cl\u00ednica.<\/li>\n<li><span style=\"text-decoration: underline;\">Gestor\u00eda fiscal y contable<\/span>: con la \u00fanica finalidad de gestionar nuestra contabilidad (emitir factura, presentaci\u00f3n de declaraciones fiscales, obligaciones mercantiles\u2026.)<\/li>\n<\/ul>\n<p>&nbsp;<\/p>\n<h3>8. Transferencias internacionales datos<\/h3>\n<p>En ning\u00fan caso transferimos tus datos personales a ninguna persona o entidad ni dentro ni fuera de la CEE.<\/p>\n<p>&nbsp;<\/p>\n<h3>9. Cu\u00e1nto tiempo guardamos tus datos personales<\/h3>\n<ul>\n<li><span style=\"text-decoration: underline;\">Historial Cl\u00ednico<\/span>: los plazos legalmente establecidos para este tipo de documento que en estos momentos est\u00e1 establecido en 15 a\u00f1os.<\/li>\n<li><span style=\"text-decoration: underline;\">Otros datos personales<\/span> (nombres y apellidos, direcci\u00f3n postal, NIF): los plazos legalmente establecidos por la legislaci\u00f3n fiscal y mercantil<\/li>\n<\/ul>\n<p>&nbsp;<\/p>\n<h3>10. \u00bfCu\u00e1les son tus derechos?<\/h3>\n<p>Cualquier persona tiene derecho a obtener confirmaci\u00f3n sobre si estamos tratando datos personales que le conciernan o no.<\/p>\n<p>Las personas interesadas tienen derecho a<\/p>\n<ul>\n<li>Solicitar el acceso a los datos personales relativos al interesado.<\/li>\n<li>Solicitar su rectificaci\u00f3n o supresi\u00f3n.<\/li>\n<li>Solicitar la limitaci\u00f3n de su tratamiento.<\/li>\n<li>Oponerse al tratamiento.<\/li>\n<li>Solicitar la portabilidad de los datos.<\/li>\n<\/ul>\n<p>\nTenemos a tu disposici\u00f3n los modelos correspondientes para que puedas ejercer tus derechos.<\/p>\n<p>Los interesados podr\u00e1n acceder a sus datos personales, as\u00ed como a solicitar la rectificaci\u00f3n de los datos inexactos o, en su caso, solicitar su supresi\u00f3n cuando, entre otros motivos, los datos ya no sean necesarios para los fines que fueron recogidos.<\/p>\n<p>En determinadas circunstancias, los interesados podr\u00e1n solicitar la limitaci\u00f3n del tratamiento de sus datos, en cuyo caso \u00fanicamente se conservar\u00e1n para el ejercicio o la defensa de reclamaciones.<\/p>\n<p>En determinadas circunstancias y por motivos relacionados con su situaci\u00f3n particular, los interesados podr\u00e1n oponerse al tratamiento de sus datos.<\/p>\n<p>Los interesados tambi\u00e9n tendr\u00e1n derecho a la tutela judicial efectiva y a presentar una reclamaci\u00f3n ante la autoridad de control, en este caso, la Agencia Espa\u00f1ola de Protecci\u00f3n de Datos, si consideran que el tratamiento de datos personales que le concierne infringe el Reglamento Europeo de Protecci\u00f3n de Datos.<\/p>\n","protected":false},"excerpt":{"rendered":"<p>POL\u00cdTICA DE PRIVACIDAD &nbsp; 1. \u00bfQui\u00e9n es el responsable del Tratamiento de sus Datos Personales? Denominaci\u00f3n: MAXILODENTAL VALL\u00c9S, SL Direcci\u00f3n: Calle Vilana num.12 despacho 185, 08022 Barcelona Tel\u00e9fono de contacto: 93 127 98 04 Correo electr\u00f3nico: atencionpaciente@imaxilodental.com &nbsp; 2. \u00bfQui\u00e9n es y qu\u00e9 hace el Delegado de Protecci\u00f3n de Datos? El Delegado de Protecci\u00f3n de [&hellip;]<\/p>\n","protected":false},"author":1,"featured_media":0,"parent":0,"menu_order":0,"comment_status":"closed","ping_status":"closed","template":"page-full-width.php","meta":{"footnotes":""},"class_list":["post-610","page","type-page","status-publish","hentry"],"yoast_head":"<!-- This site is optimized with the Yoast SEO plugin v27.2 - https:\/\/yoast.com\/product\/yoast-seo-wordpress\/ -->\n<title>POL\u00cdTICA DE PRIVACITAT - iMaxilodental<\/title>\n<meta name=\"description\" content=\"Accediu a la pol\u00edtica de Privadesa de l&#039;Institut Maxil\u00b7lodental del Vall\u00e8s. Actualitzada per a m\u00e9s seguretat i confian\u00e7a.\" \/>\n<meta name=\"robots\" content=\"index, follow, max-snippet:-1, max-image-preview:large, max-video-preview:-1\" \/>\n<link rel=\"canonical\" href=\"https:\/\/imaxilodental.com\/ca\/politica-de-privacitat\/\" \/>\n<meta property=\"og:locale\" content=\"ca_ES\" \/>\n<meta property=\"og:type\" content=\"article\" \/>\n<meta property=\"og:title\" content=\"POL\u00cdTICA DE PRIVACITAT - iMaxilodental\" \/>\n<meta property=\"og:description\" content=\"Accediu a la pol\u00edtica de Privadesa de l&#039;Institut Maxil\u00b7lodental del Vall\u00e8s. Actualitzada per a m\u00e9s seguretat i confian\u00e7a.\" \/>\n<meta property=\"og:url\" content=\"https:\/\/imaxilodental.com\/ca\/politica-de-privacitat\/\" \/>\n<meta property=\"og:site_name\" content=\"iMaxilodental\" \/>\n<meta property=\"article:modified_time\" content=\"2022-09-12T14:31:33+00:00\" \/>\n<meta name=\"twitter:label1\" content=\"Temps estimat de lectura\" \/>\n\t<meta name=\"twitter:data1\" content=\"5 minuts\" \/>\n<script type=\"application\/ld+json\" class=\"yoast-schema-graph\">{\"@context\":\"https:\/\/schema.org\",\"@graph\":[{\"@type\":\"WebPage\",\"@id\":\"https:\/\/imaxilodental.com\/ca\/politica-de-privacitat\/\",\"url\":\"https:\/\/imaxilodental.com\/ca\/politica-de-privacitat\/\",\"name\":\"POL\u00cdTICA DE PRIVACITAT - iMaxilodental\",\"isPartOf\":{\"@id\":\"https:\/\/imaxilodental.com\/#website\"},\"datePublished\":\"2018-08-20T09:57:29+00:00\",\"dateModified\":\"2022-09-12T14:31:33+00:00\",\"description\":\"Accediu a la pol\u00edtica de Privadesa de l'Institut Maxil\u00b7lodental del Vall\u00e8s. Actualitzada per a m\u00e9s seguretat i confian\u00e7a.\",\"breadcrumb\":{\"@id\":\"https:\/\/imaxilodental.com\/ca\/politica-de-privacitat\/#breadcrumb\"},\"inLanguage\":\"ca\",\"potentialAction\":[{\"@type\":\"ReadAction\",\"target\":[\"https:\/\/imaxilodental.com\/ca\/politica-de-privacitat\/\"]}]},{\"@type\":\"BreadcrumbList\",\"@id\":\"https:\/\/imaxilodental.com\/ca\/politica-de-privacitat\/#breadcrumb\",\"itemListElement\":[{\"@type\":\"ListItem\",\"position\":1,\"name\":\"Portada\",\"item\":\"https:\/\/imaxilodental.com\/ca\/\"},{\"@type\":\"ListItem\",\"position\":2,\"name\":\"POL\u00cdTICA DE PRIVACITAT\"}]},{\"@type\":\"WebSite\",\"@id\":\"https:\/\/imaxilodental.com\/#website\",\"url\":\"https:\/\/imaxilodental.com\/\",\"name\":\"iMaxilodental\",\"description\":\"\",\"potentialAction\":[{\"@type\":\"SearchAction\",\"target\":{\"@type\":\"EntryPoint\",\"urlTemplate\":\"https:\/\/imaxilodental.com\/?s={search_term_string}\"},\"query-input\":{\"@type\":\"PropertyValueSpecification\",\"valueRequired\":true,\"valueName\":\"search_term_string\"}}],\"inLanguage\":\"ca\"}]}<\/script>\n<!-- \/ Yoast SEO plugin. -->","yoast_head_json":{"title":"POL\u00cdTICA DE PRIVACITAT - iMaxilodental","description":"Accediu a la pol\u00edtica de Privadesa de l'Institut Maxil\u00b7lodental del Vall\u00e8s. Actualitzada per a m\u00e9s seguretat i confian\u00e7a.","robots":{"index":"index","follow":"follow","max-snippet":"max-snippet:-1","max-image-preview":"max-image-preview:large","max-video-preview":"max-video-preview:-1"},"canonical":"https:\/\/imaxilodental.com\/ca\/politica-de-privacitat\/","og_locale":"ca_ES","og_type":"article","og_title":"POL\u00cdTICA DE PRIVACITAT - iMaxilodental","og_description":"Accediu a la pol\u00edtica de Privadesa de l'Institut Maxil\u00b7lodental del Vall\u00e8s. Actualitzada per a m\u00e9s seguretat i confian\u00e7a.","og_url":"https:\/\/imaxilodental.com\/ca\/politica-de-privacitat\/","og_site_name":"iMaxilodental","article_modified_time":"2022-09-12T14:31:33+00:00","twitter_misc":{"Temps estimat de lectura":"5 minuts"},"schema":{"@context":"https:\/\/schema.org","@graph":[{"@type":"WebPage","@id":"https:\/\/imaxilodental.com\/ca\/politica-de-privacitat\/","url":"https:\/\/imaxilodental.com\/ca\/politica-de-privacitat\/","name":"POL\u00cdTICA DE PRIVACITAT - iMaxilodental","isPartOf":{"@id":"https:\/\/imaxilodental.com\/#website"},"datePublished":"2018-08-20T09:57:29+00:00","dateModified":"2022-09-12T14:31:33+00:00","description":"Accediu a la pol\u00edtica de Privadesa de l'Institut Maxil\u00b7lodental del Vall\u00e8s. Actualitzada per a m\u00e9s seguretat i confian\u00e7a.","breadcrumb":{"@id":"https:\/\/imaxilodental.com\/ca\/politica-de-privacitat\/#breadcrumb"},"inLanguage":"ca","potentialAction":[{"@type":"ReadAction","target":["https:\/\/imaxilodental.com\/ca\/politica-de-privacitat\/"]}]},{"@type":"BreadcrumbList","@id":"https:\/\/imaxilodental.com\/ca\/politica-de-privacitat\/#breadcrumb","itemListElement":[{"@type":"ListItem","position":1,"name":"Portada","item":"https:\/\/imaxilodental.com\/ca\/"},{"@type":"ListItem","position":2,"name":"POL\u00cdTICA DE PRIVACITAT"}]},{"@type":"WebSite","@id":"https:\/\/imaxilodental.com\/#website","url":"https:\/\/imaxilodental.com\/","name":"iMaxilodental","description":"","potentialAction":[{"@type":"SearchAction","target":{"@type":"EntryPoint","urlTemplate":"https:\/\/imaxilodental.com\/?s={search_term_string}"},"query-input":{"@type":"PropertyValueSpecification","valueRequired":true,"valueName":"search_term_string"}}],"inLanguage":"ca"}]}},"meta_box":{"header-image":[],"header-title":"","header-text":"","header-cta":"","form-intro":[],"form-code":"","ready-image-before":[],"ready-image-after":[],"ready-title":"","ready-text":"","finance-image":[],"finance-title":"","finance-text":"","highlights-title":"","highlights":[],"patients-title":"","patients":[],"footer-text":"","footer-image":[],"footer-cta-text":""},"_links":{"self":[{"href":"https:\/\/imaxilodental.com\/ca\/wp-json\/wp\/v2\/pages\/610","targetHints":{"allow":["GET"]}}],"collection":[{"href":"https:\/\/imaxilodental.com\/ca\/wp-json\/wp\/v2\/pages"}],"about":[{"href":"https:\/\/imaxilodental.com\/ca\/wp-json\/wp\/v2\/types\/page"}],"author":[{"embeddable":true,"href":"https:\/\/imaxilodental.com\/ca\/wp-json\/wp\/v2\/users\/1"}],"replies":[{"embeddable":true,"href":"https:\/\/imaxilodental.com\/ca\/wp-json\/wp\/v2\/comments?post=610"}],"version-history":[{"count":7,"href":"https:\/\/imaxilodental.com\/ca\/wp-json\/wp\/v2\/pages\/610\/revisions"}],"predecessor-version":[{"id":2651,"href":"https:\/\/imaxilodental.com\/ca\/wp-json\/wp\/v2\/pages\/610\/revisions\/2651"}],"wp:attachment":[{"href":"https:\/\/imaxilodental.com\/ca\/wp-json\/wp\/v2\/media?parent=610"}],"curies":[{"name":"wp","href":"https:\/\/api.w.org\/{rel}","templated":true}]}}